{"id":244,"date":"2024-07-08T09:25:47","date_gmt":"2024-07-08T09:25:47","guid":{"rendered":"https:\/\/www.newtechcomm.pl\/?page_id=244"},"modified":"2024-07-08T16:37:57","modified_gmt":"2024-07-08T16:37:57","slug":"polityka-prywatnosci","status":"publish","type":"page","link":"https:\/\/www.newtechcomm.pl\/en\/polityka-prywatnosci\/","title":{"rendered":"Polityka prywatno\u015bci"},"content":{"rendered":"<div data-elementor-type=\"wp-page\" data-elementor-id=\"244\" class=\"elementor elementor-244\" data-elementor-settings=\"[]\">\n\t\t\t\t\t\t\t<div class=\"elementor-section-wrap\">\n\t\t\t\t\t\t\t<section class=\"elementor-section elementor-top-section elementor-element elementor-element-327b5b3 elementor-section-full_width elementor-section-height-default elementor-section-height-default\" data-id=\"327b5b3\" data-element_type=\"section\">\n\t\t\t\t\t\t<div class=\"elementor-container elementor-column-gap-default\">\n\t\t\t\t\t<div class=\"elementor-column elementor-col-100 elementor-top-column elementor-element elementor-element-1f8be04\" data-id=\"1f8be04\" data-element_type=\"column\">\n\t\t\t<div class=\"elementor-widget-wrap elementor-element-populated\">\n\t\t\t\t\t\t\t\t<div class=\"elementor-element elementor-element-9a68736 elementor-widget elementor-widget-text-editor\" data-id=\"9a68736\" data-element_type=\"widget\" data-widget_type=\"text-editor.default\">\n\t\t\t\t<div class=\"elementor-widget-container\">\n\t\t\t\t\t\t\t\t<p><b>I<\/b><b><br \/><\/b><b> [Administrator danych]<\/b><\/p><p><span style=\"font-weight: 400;\">Administratorem danych osobowych zwi\u0105zanych z wykonaniem \u015bwiadczonych us\u0142ug jest Kamil Majcher prowadz\u0105cy dzia\u0142alno\u015b\u0107 gospodarcz\u0105 pod firm\u0105 Kamil Majcher z siedzib\u0105 w Warszawie pod adresem ul. Kasprzaka 29B\/7, 01-234 Warszawa posiadaj\u0105cy numer NIP 7162789122, adres poczty elektronicznej: biuro@newtechcomm.pl zwany dalej Administratorem.<\/span><\/p><p><span style=\"font-weight: 400;\">Dane osobowe zbierane przez Administratora za po\u015brednictwem strony internetowej s\u0105 przetwarzane zgodnie z Rozporz\u0105dzeniem Parlamentu Europejskiego i Rady (UE) 2016\/679 z dnia 27 kwietnia 2016 r. w sprawie ochrony os\u00f3b fizycznych w zwi\u0105zku z przetwarzaniem danych osobowych i w sprawie swobodnego przep\u0142ywu takich danych oraz uchylenia dyrektywy 95\/46\/WE (og\u00f3lne rozporz\u0105dzenie o ochronie danych), zwane dalej RODO oraz ustaw\u0105 o ochronie danych osobowych z dnia 10 maja 2018 r.<\/span><\/p><p>\u00a0<\/p><p><b>II<\/b><b><br \/><\/b><b> [Cel przetwarzania i podstawy prawne]<\/b><\/p><ol><li style=\"font-weight: 400;\" aria-level=\"1\"><span style=\"font-weight: 400;\">Administrator przetwarza nast\u0119puj\u0105ce kategorie danych osobowych u\u017cytkownika: imi\u0119 i nazwisko, adres e-mail.<\/span><\/li><li style=\"font-weight: 400;\" aria-level=\"1\"><span style=\"font-weight: 400;\">Administrator przetwarza dane osobowe za po\u015brednictwem strony www.newtechcomm.pl w przypadku:<\/span><\/li><\/ol><ol><li style=\"font-weight: 400;\" aria-level=\"1\"><span style=\"font-weight: 400;\">skorzystania przez u\u017cytkownika z formularza kontaktowego; dane osobowe s\u0105 przetwarzane na podstawie art. 6 ust. 1 lit. f) RODO jako prawnie usprawiedliwiony interes Administratora;<\/span><\/li><li style=\"font-weight: 400;\" aria-level=\"1\"><span style=\"font-weight: 400;\">zapisania si\u0119 przez u\u017cytkownika do newslettera w celu przesy\u0142ania informacji (w tym informacji handlowych) drog\u0105 elektroniczn\u0105; dane osobowe s\u0105 przetwarzane po wyra\u017ceniu odr\u0119bnej zgody, na podstawie art. 6 ust. 1 lit. a) RODO;<\/span><\/li><li style=\"font-weight: 400;\" aria-level=\"1\"><span style=\"font-weight: 400;\">skorzystanie z us\u0142ug, w tym uczestnictwa w webinarach, \u015bwiadczonych przez Administratora drog\u0105 elektroniczn\u0105 (na potrzeby realizacji zam\u00f3wie\u0144 oraz obs\u0142ugi procedury reklamacyjnej): imi\u0119 (ewentualnie nazwisko), adres e-mail, numer telefonu;<\/span><\/li><li style=\"font-weight: 400;\" aria-level=\"1\"><span style=\"font-weight: 400;\">dane osobowe mog\u0105 by\u0107 zbierane tak\u017ce za po\u015brednictwem ankiet w celu skontaktowania si\u0119 z osobami, kt\u00f3re wype\u0142ni\u0142y ankiet\u0119 i przekazania wynik\u00f3w ankiet, dodatkowych materia\u0142\u00f3w oraz marketingu bezpo\u015bredniego na podstawie art. 6 ust. 1 lit. f) RODO jako prawnie usprawiedliwiony interes Administratora.<\/span><\/li><\/ol><ol><li style=\"font-weight: 400;\" aria-level=\"1\"><span style=\"font-weight: 400;\">Podanie danych osobowych przez u\u017cytkownika jest dobrowolne.<\/span><\/li><li style=\"font-weight: 400;\" aria-level=\"1\"><span style=\"font-weight: 400;\">Administrator dok\u0142ada szczeg\u00f3lnej staranno\u015bci w celu ochrony interes\u00f3w os\u00f3b, kt\u00f3rych dane dotycz\u0105, a w szczeg\u00f3lno\u015bci zapewnia, \u017ce zbierane przez niego dane s\u0105:<\/span><\/li><\/ol><ol><li style=\"font-weight: 400;\" aria-level=\"1\"><span style=\"font-weight: 400;\">przetwarzane zgodnie z prawem,<\/span><\/li><li style=\"font-weight: 400;\" aria-level=\"1\"><span style=\"font-weight: 400;\">zbierane dla oznaczonych, zgodnych z prawem cel\u00f3w i niepoddawane dalszemu przetwarzaniu niezgodnemu z tymi celami,<\/span><\/li><li style=\"font-weight: 400;\" aria-level=\"1\"><span style=\"font-weight: 400;\">merytorycznie poprawne i adekwatne w stosunku do cel\u00f3w, w jakich s\u0105 przetwarzane oraz przechowywane w postaci umo\u017cliwiaj\u0105cej identyfikacj\u0119 os\u00f3b, kt\u00f3rych dotycz\u0105, nie d\u0142u\u017cej ni\u017c jest to niezb\u0119dne do osi\u0105gni\u0119cia celu przetwarzania.<\/span><\/li><\/ol><p>\u00a0<\/p><p><b>III<\/b><\/p><p><b>\u00a0[Czas przetwarzania danych]<\/b><\/p><ol><li style=\"font-weight: 400;\" aria-level=\"1\"><span style=\"font-weight: 400;\">Dane osobowe u\u017cytkownik\u00f3w przechowywane s\u0105 przez Administratora:<\/span><\/li><\/ol><ol><li style=\"font-weight: 400;\" aria-level=\"1\"><span style=\"font-weight: 400;\">w przypadku, gdy podstaw\u0105 przetwarzania danych jest wykonanie umowy, tak d\u0142ugo, jak jest to niezb\u0119dne do wykonania umowy, a po tym czasie przez okres odpowiadaj\u0105cy okresowi przedawnienia roszcze\u0144. Je\u017celi przepis szczeg\u00f3lny nie stanowi inaczej, termin przedawnienia wynosi lat sze\u015b\u0107, a dla roszcze\u0144 o \u015bwiadczenia okresowe oraz roszcze\u0144 zwi\u0105zanych z prowadzeniem dzia\u0142alno\u015bci gospodarczej \u2013 trzy lata.<\/span><\/li><li style=\"font-weight: 400;\" aria-level=\"1\"><span style=\"font-weight: 400;\">w przypadku, gdy podstaw\u0105 przetwarzania danych jest zgoda, tak d\u0142ugo, a\u017c zgoda nie zostanie odwo\u0142ana, a po odwo\u0142aniu zgody przez okres czasu odpowiadaj\u0105cy okresowi przedawnienia roszcze\u0144 jakie mo\u017ce podnosi\u0107 Administrator i jakie mog\u0105 by\u0107 podnoszone wobec niego. Je\u017celi przepis szczeg\u00f3lny nie stanowi inaczej, termin przedawnienia wynosi lat sze\u015b\u0107, a dla roszcze\u0144 o \u015bwiadczenia okresowe oraz roszcze\u0144 zwi\u0105zanych z prowadzeniem dzia\u0142alno\u015bci gospodarczej \u2013 trzy lata.<\/span><\/li><\/ol><ol><li style=\"font-weight: 400;\" aria-level=\"1\"><span style=\"font-weight: 400;\">Podczas korzystania ze strony internetowej mog\u0105 by\u0107 pobierane dodatkowe informacje, w szczeg\u00f3lno\u015bci: adres IP przypisany do komputera u\u017cytkownika lub zewn\u0119trzny adres IP dostawcy Internetu, nazwa domeny, rodzaj przegl\u0105darki, czas dost\u0119pu, typ systemu operacyjnego.<\/span><\/li><li style=\"font-weight: 400;\" aria-level=\"1\"><span style=\"font-weight: 400;\">Od u\u017cytkownik\u00f3w mog\u0105 by\u0107 tak\u017ce gromadzone dane nawigacyjne, w tym informacje o linkach i odno\u015bnikach, w kt\u00f3re zdecyduj\u0105 si\u0119 klikn\u0105\u0107 lub innych czynno\u015bciach, podejmowanych na stronie internetowej. Podstaw\u0105 prawn\u0105 tego rodzaju czynno\u015bci jest prawnie uzasadniony interes Administratora (art. 6 ust. 1 lit. f RODO), polegaj\u0105cy na u\u0142atwieniu korzystania z us\u0142ug \u015bwiadczonych drog\u0105 elektroniczn\u0105 oraz na poprawie funkcjonalno\u015bci tych us\u0142ug.<\/span><\/li><li style=\"font-weight: 400;\" aria-level=\"1\"><span style=\"font-weight: 400;\">W\u00a0przypadku konieczno\u015bci dochodzenia roszcze\u0144 przez Administratora lub obrony przed roszczeniami, Administrator mo\u017ce przetwarza\u0107 dane osobowe okre\u015blonych u\u017cytkownik\u00f3w zawarte w\u00a0formularzu kontaktowym online do czasu zako\u0144czenia tocz\u0105cego si\u0119 post\u0119powania oraz do up\u0142ywu terminu przedawnienia roszcze\u0144 Administratora wzgl\u0119dem u\u017cytkownika, kt\u00f3ry zazwyczaj wynosi 3 lata zgodnie z\u00a0art.\u00a0118 Kodeksu cywilnego, lecz w\u00a0szczeg\u00f3lnych przypadkach przewidzianych prawem mo\u017ce by\u0107 d\u0142u\u017cszy.<\/span><\/li><li style=\"font-weight: 400;\" aria-level=\"1\"><span style=\"font-weight: 400;\">Dane te b\u0119d\u0105 w\u00f3wczas przetwarzane zgodnie z\u00a0art.\u00a06 ust.\u00a01 lit.\u00a0f RODO, tj.\u00a0w\u00a0prawnie uzasadnionym interesie Administratora polegaj\u0105cym na\u00a0dochodzeniu swoich roszcze\u0144 wzgl\u0119dem u\u017cytkownika lub obrony przed roszczeniami. Prawnie uzasadniony interes Administratora b\u0119dzie w\u00f3wczas celem nadrz\u0119dnym wobec praw i\u00a0wolno\u015bci us\u0142ugobiorcy.<\/span><\/li><\/ol><p>\u00a0<\/p><p><b>IV<\/b><\/p><p><b>[Statystyki korzystania z\u00a0us\u0142ug]<\/b><\/p><ol><li><span style=\"font-weight: 400;\"> W\u00a0celu poprawy jako\u015bci swoich us\u0142ug Administrator przetwarza informacje statystyczne dotycz\u0105ce korzystania z\u00a0formularza kontaktowego online i\u00a0w\u00a0tym celu korzysta z\u00a0informacji statystycznych dostarczanych przez pliki <\/span><i><span style=\"font-weight: 400;\">cookies<\/span><\/i><span style=\"font-weight: 400;\"> lub inne podobne technologie.\u00a0<\/span><\/li><li><span style=\"font-weight: 400;\"> Dane te s\u0105 przetwarzane zgodnie z\u00a0art.\u00a06 ust.\u00a01 lit.\u00a0f RODO w\u00a0prawnie uzasadnionym interesie Administratora, polegaj\u0105cym na\u00a0u\u0142atwieniu korzystania z\u00a0us\u0142ug, poprawy jako\u015bci oraz funkcjonalno\u015bci \u015bwiadczonych us\u0142ug, a\u00a0przetwarzanie tych danych nie narusza praw i\u00a0wolno\u015bci u\u017cytkownik\u00f3w.<\/span><\/li><li><span style=\"font-weight: 400;\"> Dane te s\u0105 przetwarzane w\u00a0ramach bie\u017c\u0105cych dzia\u0142a\u0144 Administratora, lecz nie d\u0142u\u017cej ni\u017c przez okres 60\u00a0dni od otrzymania informacji. Po tym czasie Administrator mo\u017ce dalej przetwarza\u0107 og\u00f3lne dane statystyczne, kt\u00f3re b\u0119d\u0105 pozbawione jakichkolwiek informacji dotycz\u0105cych poszczeg\u00f3lnych u\u017cytkownik\u00f3w.<\/span><\/li><\/ol><p>\u00a0<\/p><p><b>V<\/b><b><br \/><\/b><b> [Prawa os\u00f3b, kt\u00f3rych dane osobowe dotycz\u0105]<\/b><\/p><ol><li><span style=\"font-weight: 400;\"> Ka\u017cda osoba, kt\u00f3rej dane dotycz\u0105, ma prawo:<\/span><\/li><\/ol><p><span style=\"font-weight: 400;\">1) <\/span><b>dost\u0119pu<\/b><span style=\"font-weight: 400;\"> \u2013 uzyskania od Administratora potwierdzenia, czy przetwarzane s\u0105 jej dane osobowe. Je\u017celi dane o\u00a0osobie s\u0105 przetwarzane, jest ona uprawniona do uzyskania dost\u0119pu do nich oraz uzyskania nast\u0119puj\u0105cych informacji: o\u00a0celach przetwarzania, kategoriach danych osobowych, odbiorcach lub kategoriach odbiorc\u00f3w, kt\u00f3rym dane zosta\u0142y lub zostan\u0105 ujawnione, o\u00a0okresie przechowywania danych lub o\u00a0kryteriach ich ustalania, o\u00a0prawie do \u017c\u0105dania sprostowania, usuni\u0119cia lub ograniczenia przetwarzania danych osobowych przys\u0142uguj\u0105cych osobie, kt\u00f3rej dane dotycz\u0105, oraz do wniesienia sprzeciwu wobec takiego przetwarzania (art.\u00a015 RODO);<\/span><\/p><p><span style=\"font-weight: 400;\">2) <\/span><b>do otrzymania kopii danych<\/b><span style=\"font-weight: 400;\"> \u2013 uzyskania kopii danych podlegaj\u0105cych przetwarzaniu, przy czym pierwsza kopia jest bezp\u0142atna, a\u00a0za\u00a0kolejne kopie Administrator mo\u017ce na\u0142o\u017cy\u0107 op\u0142at\u0119 w\u00a0rozs\u0105dnej wysoko\u015bci, wynikaj\u0105c\u0105 z\u00a0koszt\u00f3w administracyjnych (art.\u00a015 ust.\u00a03 RODO);<\/span><\/p><p><span style=\"font-weight: 400;\">3) <\/span><b>do sprostowania<\/b><span style=\"font-weight: 400;\"> \u2013 \u017c\u0105dania sprostowania dotycz\u0105cych jej danych osobowych, kt\u00f3re s\u0105 nieprawid\u0142owe, lub uzupe\u0142nienia niekompletnych danych (art.\u00a016 RODO);<\/span><\/p><p><span style=\"font-weight: 400;\">4) <\/span><b>do usuni\u0119cia danych<\/b><span style=\"font-weight: 400;\"> \u2013 \u017c\u0105dania usuni\u0119cia jej danych osobowych, je\u017celi Administrator nie ma ju\u017c podstawy prawnej do ich przetwarzania lub dane nie s\u0105 ju\u017c niezb\u0119dne do cel\u00f3w przetwarzania (art.\u00a017 RODO);<\/span><\/p><p><span style=\"font-weight: 400;\">5) <\/span><b>do ograniczenia przetwarzania<\/b><span style=\"font-weight: 400;\"> \u2013 \u017c\u0105dania ograniczenia przetwarzania danych osobowych (art.\u00a018 RODO), gdy:<\/span><\/p><ol><li><span style=\"font-weight: 400;\">a) osoba, kt\u00f3rej dane dotycz\u0105, kwestionuje prawid\u0142owo\u015b\u0107 danych osobowych \u2013 na\u00a0okres pozwalaj\u0105cy Administratorowi sprawdzi\u0107 prawid\u0142owo\u015b\u0107 tych danych,<\/span><\/li><li><span style=\"font-weight: 400;\">b) przetwarzanie jest niezgodne z\u00a0prawem, a\u00a0osoba, kt\u00f3rej dane dotycz\u0105, sprzeciwia si\u0119 ich usuni\u0119ciu, \u017c\u0105daj\u0105c ograniczenia ich wykorzystywania,<\/span><\/li><li><span style=\"font-weight: 400;\">c) Administrator nie potrzebuje ju\u017c tych danych, ale s\u0105 one potrzebne osobie, kt\u00f3rej dane dotycz\u0105, do ustalenia, dochodzenia lub obrony roszcze\u0144,<\/span><\/li><li><span style=\"font-weight: 400;\">d) osoba, kt\u00f3rej dane dotycz\u0105, wnios\u0142a sprzeciw wobec przetwarzania \u2013 do czasu stwierdzenia, czy prawnie uzasadnione podstawy po stronie Administratora s\u0105 nadrz\u0119dne wobec podstaw sprzeciwu osoby, kt\u00f3rej dane dotycz\u0105;<\/span><\/li><\/ol><p><span style=\"font-weight: 400;\">6) <\/span><b>do przenoszenia danych<\/b><span style=\"font-weight: 400;\"> \u2013 otrzymania w\u00a0ustrukturyzowanym, powszechnie u\u017cywanym formacie nadaj\u0105cym si\u0119 do odczytu maszynowego danych osobowych jej dotycz\u0105cych, kt\u00f3re dostarczy\u0142a Administratorowi, oraz \u017c\u0105dania przes\u0142ania tych danych innemu Administratorowi, je\u017celi dane s\u0105 przetwarzane na\u00a0podstawie zgody osoby, kt\u00f3rej dane dotycz\u0105, lub umowy z\u00a0ni\u0105 zawartej oraz je\u017celi dane s\u0105 przetwarzane w\u00a0spos\u00f3b zautomatyzowany (art.\u00a020 RODO);<\/span><\/p><p><span style=\"font-weight: 400;\">7) <\/span><b>do sprzeciwu<\/b><span style=\"font-weight: 400;\"> \u2013 wniesienia sprzeciwu wobec przetwarzania jej danych osobowych w\u00a0prawnie uzasadnionych celach Administratora, z\u00a0przyczyn zwi\u0105zanych z\u00a0jej szczeg\u00f3ln\u0105 sytuacj\u0105, w\u00a0tym wobec profilowania. W\u00f3wczas Administrator dokonuje oceny istnienia wa\u017cnych prawnie uzasadnionych podstaw do przetwarzania, nadrz\u0119dnych wobec interes\u00f3w, praw i\u00a0wolno\u015bci os\u00f3b, kt\u00f3rych dane dotycz\u0105, lub podstaw do ustalenia, dochodzenia lub obrony roszcze\u0144. Je\u017celi zgodnie z\u00a0ocen\u0105 interesy osoby, kt\u00f3rej dane dotycz\u0105, b\u0119d\u0105 wa\u017cniejsze od interes\u00f3w Administratora, Administrator b\u0119dzie zobowi\u0105zany zaprzesta\u0107 przetwarzania danych w\u00a0tych celach (art.\u00a021 RODO);<\/span><\/p><p><span style=\"font-weight: 400;\">8) <\/span><b>do cofni\u0119cia zgody<\/b><span style=\"font-weight: 400;\"> w\u00a0ka\u017cdym momencie i\u00a0bez podawania przyczyny, lecz przetwarzanie danych osobowych dokonane przed cofni\u0119ciem zgody nadal pozostanie zgodne z\u00a0prawem. Cofni\u0119cie zgody spowoduje zaprzestanie przetwarzania przez Administratora danych osobowych w\u00a0celu, w\u00a0kt\u00f3rym zgoda ta zosta\u0142a wyra\u017cona.<\/span><\/p><ol start=\"2\"><li><span style=\"font-weight: 400;\"> Aby skorzysta\u0107 z\u00a0wy\u017cej wymienionych praw, osoba, kt\u00f3rej dane dotycz\u0105, powinna skontaktowa\u0107 si\u0119, wykorzystuj\u0105c podane dane kontaktowe, z\u00a0Administratorem i\u00a0poinformowa\u0107 go, z\u00a0kt\u00f3rego prawa i\u00a0w\u00a0jakim zakresie chce skorzysta\u0107.<\/span><\/li><\/ol><p>\u00a0<\/p><p><b>VI<\/b><b><br \/><\/b><b> [Prezes Urz\u0119du Ochrony Danych Osobowych]<\/b><\/p><p><span style=\"font-weight: 400;\">Osoba, kt\u00f3rej dane dotycz\u0105, ma prawo wnie\u015b\u0107 skarg\u0119 do organu nadzoru, kt\u00f3rym w\u00a0Polsce jest Prezes Urz\u0119du Ochrony Danych Osobowych z\u00a0siedzib\u0105 w\u00a0Warszawie, ul. Stawki 2, z\u00a0kt\u00f3rym mo\u017cna kontaktowa\u0107 si\u0119 w\u00a0nast\u0119puj\u0105cy spos\u00f3b:<\/span><\/p><p><span style=\"font-weight: 400;\">1) listownie: ul. Stawki 2, 00-193 Warszawa;<\/span><\/p><p><span style=\"font-weight: 400;\">2) przez elektroniczn\u0105 skrzynk\u0119 podawcz\u0105 dost\u0119pn\u0105 na\u00a0stronie: https:\/\/www.uodo.gov.pl\/pl\/p\/kontakt;<\/span><\/p><p><span style=\"font-weight: 400;\">3) telefonicznie: (22) 531\u00a003\u00a000.<\/span><\/p><p>\u00a0<\/p><p><b>VII<\/b><b><br \/><\/b><b> [Postanowienia ko\u0144cowe]<\/b><\/p><ol><li style=\"font-weight: 400;\" aria-level=\"1\"><span style=\"font-weight: 400;\">Administrator stosuje \u015brodki techniczne i\u00a0organizacyjne zapewniaj\u0105ce ochron\u0119 przetwarzanych danych osobowych odpowiedni\u0105 do\u00a0zagro\u017ce\u0144 oraz\u00a0kategorii danych obj\u0119tych ochron\u0105, a\u00a0w\u00a0szczeg\u00f3lno\u015bci zabezpiecza dane przed\u00a0ich udost\u0119pnieniem osobom nieupowa\u017cnionym, zabraniem przez\u00a0osob\u0119 nieuprawnion\u0105, przetwarzaniem z\u00a0naruszeniem obowi\u0105zuj\u0105cych przepis\u00f3w oraz\u00a0zmian\u0105, utrat\u0105, uszkodzeniem lub zniszczeniem.<\/span><\/li><li style=\"font-weight: 400;\" aria-level=\"1\"><span style=\"font-weight: 400;\">Administrator udost\u0119pnia odpowiednie \u015brodki techniczne zapobiegaj\u0105ce pozyskiwaniu i\u00a0modyfikowaniu przez\u00a0osoby nieuprawnione, danych osobowych przesy\u0142anych drog\u0105 elektroniczn\u0105. Administrator stosuje protok\u00f3\u0142\u00a0SSL.<\/span><\/li><li style=\"font-weight: 400;\" aria-level=\"1\"><span style=\"font-weight: 400;\">W\u00a0sprawach nieuregulowanych niniejsz\u0105 Polityk\u0105 prywatno\u015bci stosuje si\u0119 odpowiednio przepisy RODO oraz\u00a0inne w\u0142a\u015bciwe przepisy prawa polskiego.<\/span><\/li><\/ol><p>\u00a0<\/p><p><b>VIII<\/b><b><br \/><\/b><b> [Akty prawne przywo\u0142ywane w\u00a0klauzuli]\u00a0<\/b><\/p><p><span style=\"font-weight: 400;\">1) RODO \u2013 rozporz\u0105dzenie Parlamentu Europejskiego i\u00a0Rady (UE) 2016\/679 z\u00a0dnia 27\u00a0kwietnia 2016\u00a0r. w\u00a0sprawie ochrony os\u00f3b fizycznych w\u00a0zwi\u0105zku z\u00a0przetwarzaniem danych osobowych i\u00a0w\u00a0sprawie swobodnego przep\u0142ywu takich danych oraz uchylenia dyrektywy 95\/46\/WE (Dz.Urz.\u00a0UE L 2016 Nr\u00a0119, s.\u00a01);<\/span><\/p><p><span style=\"font-weight: 400;\">2) art.\u00a0118 i\u00a0n. ustawy z\u00a023\u00a0kwietnia 1964\u00a0r. \u2013 Kodeks cywilny (t.j.\u00a0Dz.U.\u00a0z\u00a02018\u00a0r. poz.\u00a01025 ze\u00a0zm.).\u00a0<\/span><\/p>\t\t\t\t\t\t<\/div>\n\t\t\t\t<\/div>\n\t\t\t\t<div class=\"elementor-element elementor-element-0e3312d elementor-widget elementor-widget-text-editor\" data-id=\"0e3312d\" data-element_type=\"widget\" data-widget_type=\"text-editor.default\">\n\t\t\t\t<div class=\"elementor-widget-container\">\n\t\t\t\t\t\t\t\t<p>Projekt i budowa: <a href=\"http:\/\/www.pinmedia.pl\">Pin Media<\/a><\/p>\t\t\t\t\t\t<\/div>\n\t\t\t\t<\/div>\n\t\t\t\t\t<\/div>\n\t\t<\/div>\n\t\t\t\t\t\t\t<\/div>\n\t\t<\/section>\n\t\t\t\t\t\t<\/div>\n\t\t\t\t\t<\/div>","protected":false},"excerpt":{"rendered":"<p>I [Administrator danych] Administratorem danych osobowych zwi\u0105zanych z wykonaniem \u015bwiadczonych us\u0142ug jest Kamil Majcher prowadz\u0105cy dzia\u0142alno\u015b\u0107 gospodarcz\u0105 pod firm\u0105 Kamil Majcher z siedzib\u0105 w Warszawie pod adresem ul. Kasprzaka 29B\/7, 01-234 Warszawa posiadaj\u0105cy numer NIP 7162789122, adres poczty elektronicznej: biuro@newtechcomm.pl zwany dalej Administratorem. Dane osobowe zbierane przez Administratora za po\u015brednictwem strony internetowej s\u0105 przetwarzane zgodnie&hellip; <a class=\"more-link\" href=\"https:\/\/www.newtechcomm.pl\/en\/polityka-prywatnosci\/\">Continue reading <span class=\"screen-reader-text\">Polityka prywatno\u015bci<\/span><\/a><\/p>","protected":false},"author":1,"featured_media":0,"parent":0,"menu_order":0,"comment_status":"closed","ping_status":"closed","template":"","meta":[],"_links":{"self":[{"href":"https:\/\/www.newtechcomm.pl\/en\/wp-json\/wp\/v2\/pages\/244"}],"collection":[{"href":"https:\/\/www.newtechcomm.pl\/en\/wp-json\/wp\/v2\/pages"}],"about":[{"href":"https:\/\/www.newtechcomm.pl\/en\/wp-json\/wp\/v2\/types\/page"}],"author":[{"embeddable":true,"href":"https:\/\/www.newtechcomm.pl\/en\/wp-json\/wp\/v2\/users\/1"}],"replies":[{"embeddable":true,"href":"https:\/\/www.newtechcomm.pl\/en\/wp-json\/wp\/v2\/comments?post=244"}],"version-history":[{"count":43,"href":"https:\/\/www.newtechcomm.pl\/en\/wp-json\/wp\/v2\/pages\/244\/revisions"}],"predecessor-version":[{"id":298,"href":"https:\/\/www.newtechcomm.pl\/en\/wp-json\/wp\/v2\/pages\/244\/revisions\/298"}],"wp:attachment":[{"href":"https:\/\/www.newtechcomm.pl\/en\/wp-json\/wp\/v2\/media?parent=244"}],"curies":[{"name":"wp","href":"https:\/\/api.w.org\/{rel}","templated":true}]}}